{"id":30,"date":"2019-08-08T16:25:12","date_gmt":"2019-08-08T14:25:12","guid":{"rendered":"http:\/\/p4s.polsl.pl\/?page_id=30"},"modified":"2023-04-03T09:58:46","modified_gmt":"2023-04-03T07:58:46","slug":"aktualnosci","status":"publish","type":"page","link":"https:\/\/p4s.polsl.pl\/?page_id=30","title":{"rendered":"Aktualno\u015bci"},"content":{"rendered":"\n<figure class=\"wp-block-image\"><img decoding=\"async\" loading=\"lazy\" width=\"1024\" height=\"188\" src=\"http:\/\/p4s.polsl.pl\/wp-content\/uploads\/2019\/08\/image-28-1024x188.png\" alt=\"\" class=\"wp-image-304\" srcset=\"https:\/\/p4s.polsl.pl\/wp-content\/uploads\/2019\/08\/image-28-1024x188.png 1024w, https:\/\/p4s.polsl.pl\/wp-content\/uploads\/2019\/08\/image-28-400x74.png 400w, https:\/\/p4s.polsl.pl\/wp-content\/uploads\/2019\/08\/image-28-768x141.png 768w, https:\/\/p4s.polsl.pl\/wp-content\/uploads\/2019\/08\/image-28.png 1121w\" sizes=\"(max-width: 1024px) 100vw, 1024px\" \/><\/figure>\n\n\n\n<h1 style=\"text-align: center;\"><span style=\"color: #339966;\"><strong>POWER\u2019owe aktualno\u015bci<\/strong><\/span><\/h1>\n<p>\u00a0<\/p>\n<h1><\/h1>\n<figure class=\"wp-block-image\"><img decoding=\"async\" loading=\"lazy\" class=\"alignnone wp-image-1142 \" src=\"https:\/\/p4s.polsl.pl\/wp-content\/uploads\/2023\/04\/Wielkanoc-2023-4a-400x301.jpg\" alt=\"\" width=\"622\" height=\"468\" srcset=\"https:\/\/p4s.polsl.pl\/wp-content\/uploads\/2023\/04\/Wielkanoc-2023-4a-400x301.jpg 400w, https:\/\/p4s.polsl.pl\/wp-content\/uploads\/2023\/04\/Wielkanoc-2023-4a-1024x771.jpg 1024w, https:\/\/p4s.polsl.pl\/wp-content\/uploads\/2023\/04\/Wielkanoc-2023-4a-768x578.jpg 768w, https:\/\/p4s.polsl.pl\/wp-content\/uploads\/2023\/04\/Wielkanoc-2023-4a-1536x1156.jpg 1536w, https:\/\/p4s.polsl.pl\/wp-content\/uploads\/2023\/04\/Wielkanoc-2023-4a-2048x1541.jpg 2048w\" sizes=\"(max-width: 622px) 100vw, 622px\" \/><\/figure>\n<h1><\/h1>\n<p>\u00a0<\/p>\n\n\n\n<figure class=\"wp-block-image\"><img decoding=\"async\" loading=\"lazy\" width=\"1024\" height=\"720\" src=\"https:\/\/p4s.polsl.pl\/wp-content\/uploads\/2022\/12\/Kartka-3a-2022-1024x720.jpg\" alt=\"\" class=\"wp-image-1114\" srcset=\"https:\/\/p4s.polsl.pl\/wp-content\/uploads\/2022\/12\/Kartka-3a-2022-1024x720.jpg 1024w, https:\/\/p4s.polsl.pl\/wp-content\/uploads\/2022\/12\/Kartka-3a-2022-400x281.jpg 400w, https:\/\/p4s.polsl.pl\/wp-content\/uploads\/2022\/12\/Kartka-3a-2022-768x540.jpg 768w, https:\/\/p4s.polsl.pl\/wp-content\/uploads\/2022\/12\/Kartka-3a-2022.jpg 1052w\" sizes=\"(max-width: 1024px) 100vw, 1024px\" \/><\/figure>\n\n\n\n<figure class=\"is-layout-flex wp-block-gallery-1 wp-block-gallery has-nested-images columns-default is-cropped\">\n<figure class=\"wp-block-image\"><img decoding=\"async\" loading=\"lazy\" width=\"1024\" height=\"852\" data-id=\"1054\"  src=\"https:\/\/p4s.polsl.pl\/wp-content\/uploads\/2022\/04\/Wielkanoc-2022-v2-1024x852.jpg\" alt=\"\" class=\"wp-image-1054\" srcset=\"https:\/\/p4s.polsl.pl\/wp-content\/uploads\/2022\/04\/Wielkanoc-2022-v2-1024x852.jpg 1024w, https:\/\/p4s.polsl.pl\/wp-content\/uploads\/2022\/04\/Wielkanoc-2022-v2-400x333.jpg 400w, https:\/\/p4s.polsl.pl\/wp-content\/uploads\/2022\/04\/Wielkanoc-2022-v2-768x639.jpg 768w\" sizes=\"(max-width: 1024px) 100vw, 1024px\" \/><\/figure>\n<\/figure>\n\n\n\n<figure class=\"wp-block-image\"><img decoding=\"async\" loading=\"lazy\" width=\"1024\" height=\"879\" src=\"http:\/\/p4s.polsl.pl\/wp-content\/uploads\/2021\/12\/Kartka-3-1-1024x879.jpg\" alt=\"\" class=\"wp-image-1037\" srcset=\"https:\/\/p4s.polsl.pl\/wp-content\/uploads\/2021\/12\/Kartka-3-1-1024x879.jpg 1024w, https:\/\/p4s.polsl.pl\/wp-content\/uploads\/2021\/12\/Kartka-3-1-400x343.jpg 400w, https:\/\/p4s.polsl.pl\/wp-content\/uploads\/2021\/12\/Kartka-3-1-768x659.jpg 768w\" sizes=\"(max-width: 1024px) 100vw, 1024px\" \/><\/figure>\n\n\n\n\n\n<h1 style=\"text-align: justify;\"><strong><span style=\"color: #ff6600;\">Specjalna oferta szkoleniowa dla kadr administracyjnych i kierowniczych Politechniki \u015al\u0105skiej<\/span> <\/strong><\/h1>\n<p><strong>&nbsp;<\/strong><\/p>\n<p style=\"text-align: justify;\">Zapraszamy do skorzystania z oferty szkoleniowej w zakresie profesjonalnego pos\u0142ugiwania si\u0119 oprogramowaniem biurowym MS Word, MS Excel, MS PowerPoint a ponadto w zakresie podnoszenia kompetencji j\u0119zykowych. Koszt udzia\u0142u w szkoleniach b\u0119dzie sfinansowany z Projektu POWER pt. \u201ePolitechnika \u015al\u0105ska nowoczesnym europejskim uniwersytetem technicznym\u201d.<\/p>\n<p style=\"text-align: justify;\">W szczeg\u00f3lno\u015bci pracownicy kadr administracyjnych i kierowniczych Politechniki \u015al\u0105skiej b\u0119d\u0105 mogli skorzysta\u0107 z nast\u0119puj\u0105cych rodzaj\u00f3w szkole\u0144:<\/p>\n<ul style=\"text-align: justify;\">\n<li><strong>MS Word<\/strong> na poziomie \u015bredniozaawansowanym i zaawansowanym (charakterystyka poszczeg\u00f3lnych poziom\u00f3w jest dost\u0119pna w za\u0142\u0105czniku <em>Charakterystyka szkole\u0144<\/em>);<\/li>\n<li><strong>MS Excel<\/strong> na poziomie podstawowym, podstawowym plus, \u015bredniozaawansowanym i zawansowanym (charakterystyka poszczeg\u00f3lnych poziom\u00f3w jest dost\u0119pna w za\u0142\u0105czniku <em>Charakterystyka szkole\u0144<\/em>);<\/li>\n<li><strong>MS PowerPoint<\/strong> \u2013 tworzenie profesjonalnych prezentacji multimedialnych;<\/li>\n<li><strong>Kurs j\u0119zyka angielskiego<\/strong> na poziomie A2\/B1, B1\/B2.<\/li>\n<\/ul>\n<p style=\"text-align: justify;\">Wszystkie zainteresowane osoby zach\u0119camy do wype\u0142nienia <em>formularza<\/em>. Zg\u0142oszenia przyjmujemy w terminie <strong>do 10 grudnia 2021 r. na adres <\/strong><a href=\"mailto:Karolina.Pulit@polsl.pl\"><strong>Karolina.Pulit@polsl.pl<\/strong><\/a><strong>. <\/strong><\/p>\n<p style=\"text-align: justify;\"><strong><span style=\"color: #000080;\">Zapraszamy do udzia\u0142u w szkoleniach!<\/span><\/strong><\/p>\n<p><span style=\"color: #000000;\"><strong>Za\u0142\u0105czniki:<\/strong><\/span><\/p>\n\n\n\n<div class=\"wp-block-file\"><a id=\"wp-block-file--media-e8b7ac27-b67d-4125-98a1-c31c0b2cde51\" href=\"http:\/\/p4s.polsl.pl\/wp-content\/uploads\/2021\/11\/Formularz.docx\">Formularz<\/a><a href=\"http:\/\/p4s.polsl.pl\/wp-content\/uploads\/2021\/11\/Formularz.docx\" class=\"wp-block-file__button wp-element-button\" download aria-describedby=\"wp-block-file--media-e8b7ac27-b67d-4125-98a1-c31c0b2cde51\">Pobierz<\/a><\/div>\n\n\n\n<div class=\"wp-block-file\"><a id=\"wp-block-file--media-74900dea-fc9c-4373-9f5e-6a65a7fda24c\" href=\"http:\/\/p4s.polsl.pl\/wp-content\/uploads\/2021\/11\/Charakterystyka-szkole\u0144.pdf\">Charakterystyka-szkole\u0144<\/a><a href=\"http:\/\/p4s.polsl.pl\/wp-content\/uploads\/2021\/11\/Charakterystyka-szkole\u0144.pdf\" class=\"wp-block-file__button wp-element-button\" download aria-describedby=\"wp-block-file--media-74900dea-fc9c-4373-9f5e-6a65a7fda24c\">Pobierz<\/a><\/div>\n\n\n\n<hr>\n<p>&nbsp;<\/p>\n\n\n\n<p style=\"text-align: justify;\"><strong>Rozpocz\u0119li\u015bmy kolejny rok akademicki, a co za tym idzie, kolejny rok realizacji Projektu Politechnika \u015al\u0105ska Nowoczesnym Europejskim Uniwersytetem Technicznym. W bie\u017c\u0105cym roku:<\/strong><\/p>\n\n\n\n<ul>\n<li style=\"text-align: justify;\">Kontynuujemy realizacj\u0119 zaj\u0119\u0107 dydaktycznych na nowych i udoskonalonych kierunkach obj\u0119tych wsparciem Projektu. Zgodnie z Zarz\u0105dzeniem Rektora Politechnik \u015al\u0105skiej zaj\u0119cia realizowane s\u0105 w spos\u00f3b kontaktowy i hybrydowy.<\/li>\n<li style=\"text-align: justify;\">Pracownie i laboratoria systematycznie wzbogacaj\u0105 si\u0119 o sprz\u0119t i specjalistyczne oprogramowanie, kt\u00f3re pozwala na doskonalenie procesu kszta\u0142cenia.<\/li>\n<li style=\"text-align: justify;\">Zaj\u0119cia realizowane b\u0119d\u0105 przy zaanga\u017cowaniu wybitnych specjalist\u00f3w \u2013 wyk\u0142adowc\u00f3w&nbsp; z zagranicy, kt\u00f3rzy dzieli\u0107 si\u0119 b\u0119d\u0105 ze studentami wiedz\u0105 i do\u015bwiadczeniem praktycznym.<\/li>\n<li style=\"text-align: justify;\">Studenci i doktoranci mog\u0105 wzi\u0105\u0107 udzia\u0142&nbsp; w wyjazdach sta\u017cowych zar\u00f3wno krajowych, jak i zagranicznych.<\/li>\n<li style=\"text-align: justify;\">Pracownicy korzysta\u0107 mog\u0105 z atrakcyjnych i dostosowanych do ich potrzeb form dokszta\u0142cania, kurs\u00f3w oraz szkole\u0144.<\/li>\n<li style=\"text-align: justify;\">Wdro\u017cyli\u015bmy System USOS, z kt\u00f3rego z powodzeniem korzystamy w procesie obs\u0142ugi studi\u00f3w.<\/li>\n<\/ul>\n\n\n\n<p><strong>Zach\u0119camy do kontaktu z Biurem Projektu i polecamy uwadze projektowe aktualno\u015bci.<\/strong><\/p>\n\n\n\n<hr>\n<p>&nbsp;<\/p>\n\n\n\n<figure class=\"wp-block-image\"><img decoding=\"async\" loading=\"lazy\" width=\"1024\" height=\"103\" src=\"http:\/\/p4s.polsl.pl\/wp-content\/uploads\/2021\/01\/1-3-1024x103.png\" alt=\"\" class=\"wp-image-972\" srcset=\"https:\/\/p4s.polsl.pl\/wp-content\/uploads\/2021\/01\/1-3-1024x103.png 1024w, https:\/\/p4s.polsl.pl\/wp-content\/uploads\/2021\/01\/1-3-400x40.png 400w, https:\/\/p4s.polsl.pl\/wp-content\/uploads\/2021\/01\/1-3-768x77.png 768w, https:\/\/p4s.polsl.pl\/wp-content\/uploads\/2021\/01\/1-3.png 1358w\" sizes=\"(max-width: 1024px) 100vw, 1024px\" \/><\/figure>\n\n\n\n<h1 style=\"text-align: left;\"><span style=\"font-weight: bold; color: #ff6600;\">USOS wdro\u017cony na Politechnice \u015al\u0105skiej w ramach projektu P4S<\/span><\/h1>\n<h3>Link do strony USOSWeb\u00a0 <a href=\"https:\/\/usosweb.polsl.pl\/\" target=\"_blank\" rel=\"noopener noreferrer\"><strong>tutaj.<\/strong><\/a><\/h3>\n<p>\u00a0<\/p>\n<hr \/>\n<p><img decoding=\"async\" loading=\"lazy\" class=\"wp-image-664 aligncenter\" src=\"http:\/\/p4s.polsl.pl\/wp-content\/uploads\/2020\/05\/Grafika-na-P4S-1-400x213.jpg\" alt=\"\" width=\"629\" height=\"335\" srcset=\"https:\/\/p4s.polsl.pl\/wp-content\/uploads\/2020\/05\/Grafika-na-P4S-1-400x213.jpg 400w, https:\/\/p4s.polsl.pl\/wp-content\/uploads\/2020\/05\/Grafika-na-P4S-1-768x408.jpg 768w, https:\/\/p4s.polsl.pl\/wp-content\/uploads\/2020\/05\/Grafika-na-P4S-1-1024x545.jpg 1024w, https:\/\/p4s.polsl.pl\/wp-content\/uploads\/2020\/05\/Grafika-na-P4S-1.jpg 1350w\" sizes=\"(max-width: 629px) 100vw, 629px\" \/><\/p>\n<h1>\u00a0<\/h1>\n<hr \/>\n<h1><span style=\"color: #ff6600;\"><strong>Interdyscyplinarno\u015b\u0107 i innowacje z POWER\u2019owym wsparciem<\/strong><\/span><\/h1>\n<p><img decoding=\"async\" loading=\"lazy\" class=\"wp-image-657 aligncenter\" src=\"http:\/\/p4s.polsl.pl\/wp-content\/uploads\/2020\/05\/smart_building3_wb-400x225.png\" alt=\"\" width=\"434\" height=\"244\" srcset=\"https:\/\/p4s.polsl.pl\/wp-content\/uploads\/2020\/05\/smart_building3_wb-400x225.png 400w, https:\/\/p4s.polsl.pl\/wp-content\/uploads\/2020\/05\/smart_building3_wb-768x432.png 768w, https:\/\/p4s.polsl.pl\/wp-content\/uploads\/2020\/05\/smart_building3_wb-1024x576.png 1024w\" sizes=\"(max-width: 434px) 100vw, 434px\" \/><\/p>\n<p style=\"text-align: justify;\">Wydzia\u0142 Automatyki, Elektroniki i Informatyki wraz z Wydzia\u0142em In\u017cynierii \u015arodowiska i Energetyki \u00a0przy wsparciu Projektu POWER 3.5\/II\u00a0 \u201ePolitechnika \u015al\u0105ska nowoczesnym europejskim uniwersytetem technicznym\u201d wsp\u00f3\u0142finansowanego przez Uni\u0119 Europejsk\u0105, uruchamia na kierunku Automatyka i Robotyka innowacyjn\u0105, interdyscyplinarn\u0105 specjalno\u015b\u0107 Automatyka i Eksploatacja Inteligentnych Budynk\u00f3w.<\/p>\n<p style=\"text-align: justify;\">Przed Studentami, kt\u00f3rzy wybior\u0105 t\u0119 specjalno\u015b\u0107, unikatowa szansa na zdobycie wiedzy i cennych umiej\u0119tno\u015bci w zakresie jednego z najciekawszych i perspektywicznych zawod\u00f3w przysz\u0142o\u015bci. W ofercie zaj\u0119\u0107 zostan\u0105 kompleksowo przedstawione zagadnienia eksploatacji, diagnostyki i automatyki energooszcz\u0119dnych system\u00f3w technicznego wyposa\u017cenia budynk\u00f3w. Studenci zdob\u0119d\u0105 szczeg\u00f3\u0142ow\u0105 wiedz\u0119 mi\u0119dzy innymi z zakresu programowania system\u00f3w automatyki oraz system\u00f3w i podsystem\u00f3w nadzoru \u2013 BMS, certyfikacji budynk\u00f3w, gospodarki energetycznej budynk\u00f3w i odnawialnych \u017ar\u00f3de\u0142 energii, \u015brodowiska wewn\u0119trznego budynk\u00f3w. Dla praktycznego wsparcia wiedzy specjalistycznej Student\u00f3w &#8211; powstaje nowoczesne laboratorium w hali technologicznej Wydzia\u0142u In\u017cynierii \u015arodowiska i Energetyki.<\/p>\n<p style=\"text-align: justify;\">Specjalno\u015b\u0107 b\u0119dzie obejmowa\u0142a dwie specjalizacje, jedna zorientowana na zagadnienia zwi\u0105zane z automatyk\u0105 i sterowaniem system\u00f3w w budynkach, a druga na eksploatacj\u0119 inteligentnych budynk\u00f3w. Zaj\u0119cia b\u0119d\u0105 prowadzone z wykorzystaniem innowacyjnych metod kszta\u0142cenia, np. PBL, PLTL\u00a0\u2013 \u201euczenie si\u0119 poprzez wsp\u00f3\u0142prac\u0119 w\u00a0grupach&#8221;, wiedza ukryta\u00a0w\u00a0zadaniu. Przewidywane s\u0105 zaj\u0119cia przy wsp\u00f3\u0142udziale przedstawicieli przemys\u0142u oraz wyk\u0142adowc\u00f3w z zagranicy.<\/p>\n<p style=\"text-align: justify;\"><strong>Studencie \u2013 nab\u00f3r na specjalno\u015b\u0107 ju\u017c trwa, inteligentnie zaplanuj i zbuduj z nami swoj\u0105 przysz\u0142o\u015b\u0107!<\/strong><\/p>\n<h1>\u00a0<\/h1>\n<h1><span style=\"color: #ff6600;\"><strong>Realnie i zdalnie\u00a0 &#8211; zaj\u0119cia dydaktyczne z POWER\u2019em w nowej rzeczywisto\u015bci <\/strong><\/span><\/h1>\n<p style=\"text-align: justify;\">Trudna sytuacja zwi\u0105zana z epidemi\u0105 koronawirusa z dnia na dzie\u0144 postawi\u0142a nas przed konieczno\u015bci\u0105 realizacji dotychczasowych obowi\u0105zk\u00f3w w zupe\u0142nie nowy, jak\u017ce odmienny spos\u00f3b. W zwi\u0105zku z decyzj\u0105 Ministerstwa Nauki i Szkolnictwa Wy\u017cszego o zawieszeniu zaj\u0119\u0107 na uczelniach od dnia 12 marca 2020, jak r\u00f3wnie\u017c\u00a0 w nawi\u0105zaniu do\u00a0 Zarz\u0105dzenia Rektora Politechniki \u015al\u0105skiej nr 46\/2020 z dn. 11 marca 2020, w sprawie\u00a0 zapobiegania rozprzestrzenianiu si\u0119 wirusa SARS \u2013 CoV-2 w\u015br\u00f3d spo\u0142eczno\u015bci akademickiej Politechniki \u015al\u0105skiej, a tak\u017ce w odniesieniu do Zarz\u0105dzenia Rektora Politechniki \u015al\u0105skiej nr 65\/2020 z dn. 25 marca 2020, w sprawie zapobiegania rozprzestrzenianiu si\u0119 wirusa SARS \u2013 CoV-2 w\u015br\u00f3d spo\u0142eczno\u015bci akademickiej Politechniki \u015al\u0105skiej, Paragraf 5, pkt.1, tradycyjne kszta\u0142cenie na Politechnice \u015al\u0105skiej (studia I, II stopnia, doktoranckie, podyplomowe oraz inne formy kszta\u0142cenia) zosta\u0142o zast\u0105pione prowadzeniem zaj\u0119\u0107 z wykorzystaniem metod <br \/>i technik kszta\u0142cenia na odleg\u0142o\u015b\u0107, niezale\u017cnie od tego, czy zosta\u0142o to przewidziane <br \/>w programie danego kszta\u0142cenia.<\/p>\n<p><strong>Do prowadzenia zaj\u0119\u0107 dydaktycznych na odleg\u0142o\u015b\u0107 w naszej Uczelni zaleca si\u0119:<\/strong><\/p>\n<ul>\n<li>wykorzystanie platformy zdalnej edukacji,<\/li>\n<li>zast\u0119powanie w miar\u0119 mo\u017cliwo\u015bci synchronicznych metod nauczania i komunikacji ze studentami metodami asynchronicznymi, co pozwala lepiej dostosowa\u0107 zdalne kszta\u0142cenie do dost\u0119pno\u015bci i technicznych mo\u017cliwo\u015bci student\u00f3w, a tak\u017ce<\/li>\n<li>wykorzystanie poczty elektronicznej jako alternatywnej metody komunikacji asynchronicznej ze studentami.<\/li>\n<\/ul>\n<p style=\"text-align: justify;\">Realizacja\u00a0 nowych \/ udoskonalonych przedmiot\u00f3w w j\u0119zyku polskim \/ angielskim \/ obcym w ramach kierunk\u00f3w obj\u0119tych wsparciem Projektu, w odniesieniu do obowi\u0105zuj\u0105cego Zarz\u0105dzenia Rektora, odbywa si\u0119 w spos\u00f3b regularny w trybie kszta\u0142cenia zdalnego. Dydaktycy korzystaj\u0105 zatem zar\u00f3wno z Platformy zdalnej edukacji Moodle, jak i z dost\u0119pnych narz\u0119dzi umo\u017cliwiaj\u0105cych zdalne prowadzenie wyk\u0142ad\u00f3w: Skype, Zoom czy Teams. Konsultacje ze studentami z mur\u00f3w Wydzia\u0142\u00f3w przenios\u0142y si\u0119 do sieci, a pracownicy pozostaj\u0105 do dyspozycji student\u00f3w zar\u00f3wno w drodze kontaktu mailowego, jak i telefonicznego. Nowoczesne technologie umo\u017cliwiaj\u0105 nam sprawne realizowanie tre\u015bci przedmiotowych, a przed nami zbli\u017ca si\u0119 konieczno\u015b\u0107 weryfikacji efekt\u00f3w kszta\u0142cenia tak\u017ce w zmienionych warunkach.<\/p>\n<h1><span style=\"color: #ff6600;\"><strong>POWER i kszta\u0142cenie rozwija skrzyd\u0142a<\/strong><strong>\u00a0<\/strong><\/span><\/h1>\n<p style=\"text-align: justify;\">Wraz z kolejnym semestrem wzbogaci\u0142a si\u0119 oferta nowych \/ udoskonalonych kierunk\u00f3w obj\u0119tych wsparciem Projektu. Bogaty ju\u017c katalog zosta\u0142 poszerzony o znakomite kierunki, na kt\u00f3rych studenci mog\u0105 zdobywa\u0107 wykszta\u0142cenie i kwalifikacje. Polecamy Waszej uwadze:<\/p>\n<ul>\n<li style=\"text-align: justify;\">Kierunek: Zarz\u0105dzanie i In\u017cynieria Produkcji, studia stacjonarne drugiego stopnia w ofercie wspartej przez Projekt pojawi\u0105 si\u0119 takie przedmioty jak:<\/li>\n<\/ul>\n<ul style=\"list-style-type: circle;\">\n<li>Zarz\u0105dzanie innowacjami\u00a0 \u00a0 \u00a0 \u00a0 \u00a0 \u00a0 \u00a0 \u00a0 \u00a0 \u00a0 \u00a0 \u00a0 \u00a0 \u00a0 \u00a0 \u00a0 \u00a0 \u00a0 \u00a0 \u00a0 \u00a0 \u00a0 \u00a0 \u00a0 \u00a0 \u00a0 \u00a0 \u00a0 \u00a0 \u00a0 \u00a0 \u00a0 \u00a0 \u00a0 \u00a0 \u00a0 \u00a0 \u00a0 \u00a0 \u00a0 \u00a0 \u00a0 \u00a0 \u00a0 \u00a0 \u00a0 \u00a0<\/li>\n<li>Kontrola jako\u015bci w procesach produkcyjnych\u00a0 \u00a0 \u00a0 \u00a0 \u00a0 \u00a0 \u00a0 \u00a0<\/li>\n<li>Technologie materia\u0142owe\u00a0 \u00a0 \u00a0 \u00a0 \u00a0 \u00a0 \u00a0 \u00a0 \u00a0 \u00a0 \u00a0 \u00a0 \u00a0 \u00a0 \u00a0 \u00a0<\/li>\n<li>\u00a0 Engineering workflow in industrial enterprise<\/li>\n<\/ul>\n<p>a ponadto,<\/p>\n<ul>\n<li>Kierunek: In\u017cynieria Biomedyczna, studia stacjonarne drugiego stopnia z takimi specjalno\u015bciami jak:<\/li>\n<\/ul>\n<ul style=\"list-style-type: circle;\">\n<li>\u00a0Biomechatronika i Sprz\u0119t Medyczny\u00a0 \u00a0 \u00a0 \u00a0 \u00a0 \u00a0 \u00a0 \u00a0<\/li>\n<li>\u00a0In\u017cynieria Wytwarzania Implant\u00f3w, Sprz\u0119tu Szpitalnego i Rehabilitacyjnego\u00a0 \u00a0 \u00a0<\/li>\n<li>Informatyka w Medycynie\u00a0 \u00a0 \u00a0<\/li>\n<li>Przetwarzanie i analiza informacji biomedycznych<\/li>\n<\/ul>\n<ul>\n<li>w ofercie znajd\u0105 si\u0119 takie przedmioty jak:<\/li>\n<\/ul>\n<ul style=\"list-style-type: circle;\">\n<li>Metody badania biomateria\u0142\u00f3w i tkanek\u00a0 \u00a0 \u00a0 \u00a0 \u00a0\u00a0 \u00a0 \u00a0 \u00a0 \u00a0<\/li>\n<li>Modelowanie struktur i proces\u00f3w biologicznych\u00a0 \u00a0 \u00a0 \u00a0 \u00a0<\/li>\n<li>In\u017cynieria rehabilitacji ruchowej\u00a0 \u00a0 \u00a0 \u00a0 \u00a0 \u00a0 \u00a0 \u00a0 \u00a0 \u00a0 \u00a0 \u00a0 \u00a0 \u00a0 \u00a0 \u00a0 \u00a0 \u00a0 \u00a0 \u00a0 \u00a0 \u00a0<\/li>\n<li>Mechanika zniszczenia materia\u0142\u00f3w i konstrukcji\u00a0 \u00a0 \u00a0 \u00a0 \u00a0 \u00a0 \u00a0 \u00a0<\/li>\n<li>Procesy korozji i degradacji biomateria\u0142\u00f3w\u00a0 \u00a0 \u00a0 \u00a0 \u00a0<\/li>\n<li>Biosensory i uk\u0142ady bioelektroniczne\u00a0 \u00a0 \u00a0 \u00a0 \u00a0 \u00a0 \u00a0 \u00a0 \u00a0<\/li>\n<li>Systemy diagnostyczno-terapeutyczne\u00a0 \u00a0 \u00a0 \u00a0 \u00a0 \u00a0<\/li>\n<li>Bioinformatyka i biologia obliczeniowa\u00a0 \u00a0 \u00a0 \u00a0 \u00a0 \u00a0 \u00a0 \u00a0 \u00a0 \u00a0 \u00a0 \u00a0 \u00a0 \u00a0<\/li>\n<li>Aparatura elektromedyczna<\/li>\n<\/ul>\n<h1><span style=\"color: #ff6600;\"><strong>P\u0142atne sta\u017ce krajowe i zagraniczne<\/strong><\/span><b><\/b><\/h1>\n<p style=\"font-weight: 400; text-align: justify;\"><span style=\"color: #000000;\">Serdecznie zapraszamy do udzia\u0142u w projekcie \u201ePolitechnika \u015al\u0105ska nowoczesnym europejskim uniwersytetem technicznym\u201d. W ramach III modu\u0142u projektu oferowane s\u0105 p\u0142atne sta\u017ce skierowane do student\u00f3w ostatnich 4 semestr\u00f3w studi\u00f3w I oraz II stopnia studi\u00f3w stacjonarnych oraz niestacjonarnych kierunk\u00f3w:<\/span><\/p>\n<ul style=\"text-align: justify;\">\n<li style=\"font-weight: 400;\"><span style=\"color: #000000;\">Mechanika i Budowa Maszyn (I\u015aiE)<\/span><\/li>\n<li style=\"font-weight: 400;\"><span style=\"color: #000000;\">In\u017cynieria Bezpiecze\u0144stwa (I\u015aiE)<\/span><\/li>\n<li style=\"font-weight: 400;\"><span style=\"color: #000000;\">Biotechnologia (I\u015aiE)<\/span><\/li>\n<li style=\"font-weight: 400;\"><span style=\"color: #000000;\">Energetyka (I\u015aiE)<\/span><\/li>\n<li style=\"font-weight: 400;\"><span style=\"color: #000000;\">In\u017cynieria \u015brodowiska (I\u015aiE)<\/span><\/li>\n<li style=\"font-weight: 400;\"><span style=\"color: #000000;\">Zarz\u0105dzanie i In\u017cynieria Produkcji (WOiZ, IM)<\/span><\/li>\n<li style=\"font-weight: 400;\"><span style=\"color: #000000;\">Socjologia (WOiZ)<\/span><\/li>\n<li style=\"font-weight: 400;\"><span style=\"color: #000000;\">Elektronika i telekomunikacja (AEI)<\/span><\/li>\n<li style=\"font-weight: 400;\"><span style=\"color: #000000;\">Teleinformatyka (AEI)<\/span><\/li>\n<li style=\"font-weight: 400;\"><span style=\"color: #000000;\">Automatyka i robotyka (AEI)<\/span><\/li>\n<li style=\"font-weight: 400;\"><span style=\"color: #000000;\">G\u00f3rnictwo i geologia (GIBiAP)<\/span><\/li>\n<li style=\"font-weight: 400;\"><span style=\"color: #000000;\">In\u017cynieria Biomedyczna (IB)<\/span><\/li>\n<li style=\"font-weight: 400;\"><span style=\"color: #000000;\">In\u017cynieria Produkcji (IM)<\/span><\/li>\n<li style=\"font-weight: 400;\"><span style=\"color: #000000;\">In\u017cynieria Materia\u0142owa (IM)<\/span><\/li>\n<li style=\"font-weight: 400;\"><span style=\"color: #000000;\">oraz Transport (TiIL)<\/span><\/li>\n<\/ul>\n<p style=\"font-weight: 400; text-align: justify;\"><span style=\"color: #000000;\">Projekt zak\u0142ada realizacj\u0119 sta\u017cy krajowych w wymiarze 320h do zrealizowania w 12 tygodni lub 120h do zrealizowania w 6 tygodni w terminie wsp\u00f3lnie uzgodnionym pomi\u0119dzy sta\u017cyst\u0105 i Pracodawc\u0105 oraz sta\u017ce zagraniczne w wymiarze 120h do zrealizowania w 6 tygodni w okresie wakacyjnym.<\/span><\/p>\n<h2><strong><span style=\"color: #000000;\">Wi\u0119cej informacji:\u00a0<a href=\"http:\/\/www.kariera.polsl.pl\/P4S\/P4S_staze.htm\">www.kariera.polsl.pl<\/a><\/span><\/strong><\/h2>\n<p style=\"font-weight: 400; text-align: justify;\"><span style=\"color: #000000;\">Osoby zainteresowane udzia\u0142em w projekcie zapraszamy do Biura Karier Studenckich Politechniki \u015al\u0105skiej. Biuro ma swoj\u0105 siedzib\u0119 w Gliwicach (ul Konarskiego 20B, p.105), Zabrzu (ul. Roosevelta 40, pok\u00f3j 007) oraz Katowicach (ul. Krasi\u0144skiego 8, p. 053).<\/span><\/p>\n<p>\u00a0<\/p>\n<h1><span style=\"color: #ff6600;\"><strong>Poni\u017cej link dla kandydat\u00f3w do strony rekrutacyjnej Politechniki \u015al\u0105skiej:<\/strong><\/span><\/h1>\n<h2><a href=\"https:\/\/rekrutacja.polsl.pl\/\"><strong>https:\/\/rekrutacja.polsl.pl\/<\/strong><\/a><\/h2>\n\n\n\n<figure class=\"wp-block-image\"><img alt=\"\"\/><\/figure>\n\n\n\n<figure class=\"wp-block-image\"><img decoding=\"async\" loading=\"lazy\" width=\"1024\" height=\"195\" src=\"http:\/\/p4s.polsl.pl\/wp-content\/uploads\/2019\/08\/image-29-1024x195.png\" alt=\"\" class=\"wp-image-305\" srcset=\"https:\/\/p4s.polsl.pl\/wp-content\/uploads\/2019\/08\/image-29-1024x195.png 1024w, https:\/\/p4s.polsl.pl\/wp-content\/uploads\/2019\/08\/image-29-400x76.png 400w, https:\/\/p4s.polsl.pl\/wp-content\/uploads\/2019\/08\/image-29-768x146.png 768w, https:\/\/p4s.polsl.pl\/wp-content\/uploads\/2019\/08\/image-29.png 1121w\" sizes=\"(max-width: 1024px) 100vw, 1024px\" \/><\/figure>\n","protected":false},"excerpt":{"rendered":"<p>Specjalna oferta szkoleniowa dla kadr administracyjnych i kierowniczych Politechniki \u015al\u0105skiej &nbsp; Zapraszamy do skorzystania z oferty szkoleniowej w zakresie profesjonalnego pos\u0142ugiwania si\u0119 oprogramowaniem biurowym MS Word, MS Excel, MS PowerPoint a ponadto w zakresie podnoszenia kompetencji j\u0119zykowych. Koszt udzia\u0142u w &hellip; <a href=\"https:\/\/p4s.polsl.pl\/?page_id=30\">Czytaj dalej <span class=\"meta-nav\">&rarr;<\/span><\/a><\/p>\n","protected":false},"author":1,"featured_media":0,"parent":0,"menu_order":0,"comment_status":"closed","ping_status":"closed","template":"","meta":[],"_links":{"self":[{"href":"https:\/\/p4s.polsl.pl\/index.php?rest_route=\/wp\/v2\/pages\/30"}],"collection":[{"href":"https:\/\/p4s.polsl.pl\/index.php?rest_route=\/wp\/v2\/pages"}],"about":[{"href":"https:\/\/p4s.polsl.pl\/index.php?rest_route=\/wp\/v2\/types\/page"}],"author":[{"embeddable":true,"href":"https:\/\/p4s.polsl.pl\/index.php?rest_route=\/wp\/v2\/users\/1"}],"replies":[{"embeddable":true,"href":"https:\/\/p4s.polsl.pl\/index.php?rest_route=%2Fwp%2Fv2%2Fcomments&post=30"}],"version-history":[{"count":49,"href":"https:\/\/p4s.polsl.pl\/index.php?rest_route=\/wp\/v2\/pages\/30\/revisions"}],"predecessor-version":[{"id":1147,"href":"https:\/\/p4s.polsl.pl\/index.php?rest_route=\/wp\/v2\/pages\/30\/revisions\/1147"}],"wp:attachment":[{"href":"https:\/\/p4s.polsl.pl\/index.php?rest_route=%2Fwp%2Fv2%2Fmedia&parent=30"}],"curies":[{"name":"wp","href":"https:\/\/api.w.org\/{rel}","templated":true}]}}